{"id":5935,"date":"2022-08-25T13:35:30","date_gmt":"2022-08-25T17:35:30","guid":{"rendered":"https:\/\/villagevictoria.ca\/?post_type=job_listing&#038;p=5935"},"modified":"2022-09-19T15:04:31","modified_gmt":"2022-09-19T19:04:31","slug":"vilebrequin","status":"publish","type":"job_listing","link":"https:\/\/villagevictoria.ca\/fr\/commerce\/vilebrequin\/","title":{"rendered":"Vilebrequin"},"content":{"rendered":"<h5>NOTRE ENGAGEMENT<br \/>\nUN MOT DE NOTRE CAPITAINE&#8230;<\/h5>\n<p>Il y a 50 ans, nous avons entra\u00een\u00e9 le monde vers le large pour d\u2019\u00e9ternelles vacances, et n\u2019avons jamais chang\u00e9 de cap. Depuis 1971, short de bain apr\u00e8s short de bain, notre marque de maillots de bain de luxe a vogu\u00e9 vers les plus belles destinations en incarnant l&rsquo;\u00e9l\u00e9gance d\u00e9contract\u00e9e et la vie frivole qui caract\u00e9risent Saint-Tropez, \u00e0 travers des imprim\u00e9s dr\u00f4les et d\u00e9cal\u00e9s et un savoir-faire sans \u00e9gal.<br \/>\nPlus sages, mais sans aucune ride (vivre \u00e0 la plage nous a bien conserv\u00e9s !), nous avons r\u00e9fl\u00e9chi \u00e0 notre h\u00e9ritage et \u00e0 la mani\u00e8re dont nous pourrions utiliser notre plateforme pour b\u00e2tir un monde meilleur. Pour des lendemains encore plus brillants, nous avons fait le choix de devenir meilleurs en repensant l\u2019ensemble de nos op\u00e9rations.<\/p>\n<h6>Les oc\u00e9ans sont notre priorit\u00e9 absolue.<\/h6>\n<p>Sous nos airs insouciants, nous prenons tr\u00e8s au s\u00e9rieux la sauvegarde de cet \u00e9cosyst\u00e8me aussi pr\u00e9cieux que vital.<br \/>\nLe changement climatique et la pollution ont profond\u00e9ment bless\u00e9 nos oc\u00e9ans et nous devons agir rapidement pour que les g\u00e9n\u00e9rations futures continuent d\u2019y trouver d\u2019infinies sources de joie et d\u2019inspiration pour les 50 ann\u00e9es \u00e0 venir.<\/p>\n<h6><em>La bonne nouvelle, c&rsquo;est que nous faisons d\u00e9j\u00e0 des vagues, et ce depuis un bon moment !<\/em><\/h6>\n<p>Charit\u00e9 bien ordonn\u00e9e commence par soi-m\u00eame. Pour que la conduite de nos op\u00e9rations soit plus responsable et plus durable, nous avons fait notre propre introspection et mis en \u0153uvre un plan d\u2019action concret. En 2021, les mat\u00e9riaux recycl\u00e9s ou recyclables repr\u00e9sentent d\u00e9j\u00e0 50 % de nos collections de maillots de bain de luxe, et d&rsquo;ici 2023, nous ambitionnons les 80 %. Cette ann\u00e9e marque non seulement un demi-si\u00e8cle d\u2019existence, mais aussi et surtout un pas de g\u00e9ant dans notre engagement en faveur de la conservation marine avec le lancement officiel de la Fondation Vilebrequin.<\/p>\n<p>Notre vision du futur est \u00e9galement une extension de notre promesse de qualit\u00e9. Chacun de nos v\u00eatements est fort de 50 ans de savoir-faire qui garantissent leur r\u00e9sistance et leur style intemporel. Notre industrie doit avoir un impact positif, sur la plan\u00e8te comme sur les populations. Dans ce but, nous avons repens\u00e9 nos cha\u00eenes d&rsquo;approvisionnement afin de nous assurer que chaque personne impliqu\u00e9e dans la fabrication de nos v\u00eatements soit trait\u00e9e avec le respect et la dignit\u00e9 qu&rsquo;elle m\u00e9rite.<\/p>\n<p>Chez Vilebrequin, nous croyons qu&rsquo;aucun homme n&rsquo;est une \u00eele et le changement que nous nous appr\u00eatons \u00e0 faire est encore plus important si nous agissons d\u2019un seul corps. Pour cette raison, nous facilitons l&rsquo;implication de notre pr\u00e9cieux \u00e9quipage, clients et employ\u00e9s, en les dotant des ressources n\u00e9cessaires pour atteindre ensemble nos objectifs communs.<\/p>\n<p><p>Nous avons retrouss\u00e9 nos manches et sommes d\u00e9termin\u00e9s \u00e0 poursuivre ce travail !<\/p>\n<p>J&rsquo;esp\u00e8re que vous vous joindrez \u00e0 nous.<br \/>\n<em><strong>Roland Herlory, PDG de Vilebrequin<\/strong> <\/em>\n<\/p>\n<h6>UN AVENIR MEILLEUR SE PROFILE \u00c0 L&rsquo;HORIZON&#8230;<\/h6>\n<p>Le d\u00e9veloppement durable est un objectif en constante \u00e9volution. Chez Vilebrequin, nous construisons notre bateau \u00e0 mesure que la mer nous porte, et veillons \u00e0 mieux nous informer concernant l\u2019impact humain sur la plan\u00e8te, dans le but de d\u00e9velopper des technologies innovantes pour en att\u00e9nuer les effets.<\/p>\n<p>Pour nous, le mieux est l\u2019ennemi du bien. Si nous n\u2019avons pas l\u2019ambition d\u2019avoir toutes les r\u00e9ponses aux questions environnementales, nous concentrons en revanche nos efforts l\u00e0 o\u00f9 nous sommes s\u00fbrs de pouvoir faire une v\u00e9ritable diff\u00e9rence.<\/p>\n<p>Nos objectifs sont ambitieux, et nous avons peu de temps pour les atteindre ; il reste tant \u00e0 faire avant 2023 ! Pour nous aider dans notre t\u00e2che, nous nous sommes inspir\u00e9s des objectifs de D\u00e9veloppement durable des Nations Unies (SDG), et avons cr\u00e9\u00e9 un cadre favorisant la progression de la mission que nous nous sommes fix\u00e9s : gu\u00e9rir et prot\u00e9ger notre belle plan\u00e8te bleue. Nous appelons cette feuille de route, Horizon 23.<\/p>\n<p><a href=\"https:\/\/www.vilebrequin.com\/eu\/fr\/histoire\">Pour en savoir plus>><\/a><\/p>\n","protected":false},"author":3,"featured_media":5978,"comment_status":"open","ping_status":"closed","template":"","meta":{"ngg_post_thumbnail":0,"_job_location":"4912, Rue Sherbrooke Ouest H3Z 1H3 WESTMOUNT","_application":"","_company_name":"Vilebrequin","_company_tagline":"","_company_twitter":"","_company_video":"","_filled":0,"_featured":0,"_remote_position":0,"_job_salary":"","_job_salary_currency":"","_job_salary_unit":""},"job-categories":[33],"job-types":[29],"class_list":{"0":"post-5935","1":"job_listing","2":"type-job_listing","3":"status-publish","4":"has-post-thumbnail","5":"hentry","6":"job_listing_category-mode-et-magasinage","7":"job_listing_type-merchants","9":"job-type-merchants"},"acf":[],"yoast_head":"<!-- This site is optimized with the Yoast SEO plugin v20.4 - https:\/\/yoast.com\/wordpress\/plugins\/seo\/ -->\n<title>Vilebrequin - Village Victoria<\/title>\n<meta name=\"description\" content=\"Vilebrequin Notre engagement Il y a 50 ans, nous avons entra\u00een\u00e9 le monde vers le large pour d\u2019\u00e9ternelles vacances, et n\u2019avons jamais...\" \/>\n<meta name=\"robots\" content=\"index, follow, max-snippet:-1, max-image-preview:large, max-video-preview:-1\" \/>\n<link rel=\"canonical\" href=\"https:\/\/www.vilebrequin.com\/eu\/fr\/notre-engagement\" \/>\n<meta property=\"og:locale\" content=\"fr_FR\" \/>\n<meta property=\"og:type\" content=\"article\" \/>\n<meta property=\"og:title\" content=\"Vilebrequin - Village Victoria\" \/>\n<meta property=\"og:description\" content=\"Vilebrequin Notre engagement Il y a 50 ans, nous avons entra\u00een\u00e9 le monde vers le large pour d\u2019\u00e9ternelles vacances, et n\u2019avons jamais...\" \/>\n<meta property=\"og:url\" content=\"https:\/\/www.vilebrequin.com\/eu\/fr\/notre-engagement\" \/>\n<meta property=\"og:site_name\" content=\"Village Victoria\" \/>\n<meta property=\"article:publisher\" content=\"https:\/\/www.facebook.com\/WestmountVictoriaVillage\/\" \/>\n<meta property=\"article:modified_time\" content=\"2022-09-19T19:04:31+00:00\" \/>\n<meta property=\"og:image\" content=\"https:\/\/villagevictoria.ca\/wp-content\/uploads\/2022\/08\/Vilebrequin2205267595-featured-scaled.jpg\" \/>\n\t<meta property=\"og:image:width\" content=\"2560\" \/>\n\t<meta property=\"og:image:height\" content=\"1896\" \/>\n\t<meta property=\"og:image:type\" content=\"image\/jpeg\" \/>\n<meta name=\"twitter:card\" content=\"summary_large_image\" \/>\n<meta name=\"twitter:site\" content=\"@WestmountVicto1\" \/>\n<meta name=\"twitter:label1\" content=\"Dur\u00e9e de lecture estim\u00e9e\" \/>\n\t<meta name=\"twitter:data1\" content=\"3 minutes\" \/>\n<script type=\"application\/ld+json\" class=\"yoast-schema-graph\">{\"@context\":\"https:\/\/schema.org\",\"@graph\":[{\"@type\":\"WebPage\",\"@id\":\"https:\/\/villagevictoria.ca\/fr\/commerce\/vilebrequin\/\",\"url\":\"https:\/\/www.vilebrequin.com\/eu\/fr\/notre-engagement\",\"name\":\"Vilebrequin - Village Victoria\",\"isPartOf\":{\"@id\":\"https:\/\/villagevictoria.ca\/fr\/#website\"},\"datePublished\":\"2022-08-25T17:35:30+00:00\",\"dateModified\":\"2022-09-19T19:04:31+00:00\",\"description\":\"Vilebrequin Notre engagement Il y a 50 ans, nous avons entra\u00een\u00e9 le monde vers le large pour d\u2019\u00e9ternelles vacances, et n\u2019avons jamais...\",\"breadcrumb\":{\"@id\":\"https:\/\/www.vilebrequin.com\/eu\/fr\/notre-engagement#breadcrumb\"},\"inLanguage\":\"fr-FR\",\"potentialAction\":[{\"@type\":\"ReadAction\",\"target\":[\"https:\/\/www.vilebrequin.com\/eu\/fr\/notre-engagement\"]}]},{\"@type\":\"BreadcrumbList\",\"@id\":\"https:\/\/www.vilebrequin.com\/eu\/fr\/notre-engagement#breadcrumb\",\"itemListElement\":[{\"@type\":\"ListItem\",\"position\":1,\"name\":\"Home\",\"item\":\"https:\/\/villagevictoria.ca\/fr\/\"},{\"@type\":\"ListItem\",\"position\":2,\"name\":\"Listings\",\"item\":\"https:\/\/villagevictoria.ca\/en\/commerces\/\"},{\"@type\":\"ListItem\",\"position\":3,\"name\":\"Vilebrequin\"}]},{\"@type\":\"WebSite\",\"@id\":\"https:\/\/villagevictoria.ca\/fr\/#website\",\"url\":\"https:\/\/villagevictoria.ca\/fr\/\",\"name\":\"Village Victoria\",\"description\":\"Rue Sherbrooke Ouest, Rue Victoria, de Claremont a Grosvenor, vos boutiques pr\u00e9f\u00e9r\u00e9es vous y attendent!\",\"publisher\":{\"@id\":\"https:\/\/villagevictoria.ca\/fr\/#organization\"},\"potentialAction\":[{\"@type\":\"SearchAction\",\"target\":{\"@type\":\"EntryPoint\",\"urlTemplate\":\"https:\/\/villagevictoria.ca\/fr\/?s={search_term_string}\"},\"query-input\":\"required name=search_term_string\"}],\"inLanguage\":\"fr-FR\"},{\"@type\":\"Organization\",\"@id\":\"https:\/\/villagevictoria.ca\/fr\/#organization\",\"name\":\"Westmount Victoria Village Merchants Association\",\"url\":\"https:\/\/villagevictoria.ca\/fr\/\",\"logo\":{\"@type\":\"ImageObject\",\"inLanguage\":\"fr-FR\",\"@id\":\"https:\/\/villagevictoria.ca\/fr\/#\/schema\/logo\/image\/\",\"url\":\"https:\/\/villagevictoria.ca\/wp-content\/uploads\/2019\/05\/VictoriaVillage_Logo_Westmount_Black.svg\",\"contentUrl\":\"https:\/\/villagevictoria.ca\/wp-content\/uploads\/2019\/05\/VictoriaVillage_Logo_Westmount_Black.svg\",\"width\":431,\"height\":430,\"caption\":\"Westmount Victoria Village Merchants Association\"},\"image\":{\"@id\":\"https:\/\/villagevictoria.ca\/fr\/#\/schema\/logo\/image\/\"},\"sameAs\":[\"https:\/\/www.facebook.com\/WestmountVictoriaVillage\/\",\"https:\/\/twitter.com\/WestmountVicto1\",\"https:\/\/www.linkedin.com\/company\/71197367\",\"https:\/\/www.youtube.com\/channel\/UCOO2QDr_DQdVnTeSTK6BJ2w\"]}]}<\/script>\n<!-- \/ Yoast SEO plugin. -->","yoast_head_json":{"title":"Vilebrequin - Village Victoria","description":"Vilebrequin Notre engagement Il y a 50 ans, nous avons entra\u00een\u00e9 le monde vers le large pour d\u2019\u00e9ternelles vacances, et n\u2019avons jamais...","robots":{"index":"index","follow":"follow","max-snippet":"max-snippet:-1","max-image-preview":"max-image-preview:large","max-video-preview":"max-video-preview:-1"},"canonical":"https:\/\/www.vilebrequin.com\/eu\/fr\/notre-engagement","og_locale":"fr_FR","og_type":"article","og_title":"Vilebrequin - Village Victoria","og_description":"Vilebrequin Notre engagement Il y a 50 ans, nous avons entra\u00een\u00e9 le monde vers le large pour d\u2019\u00e9ternelles vacances, et n\u2019avons jamais...","og_url":"https:\/\/www.vilebrequin.com\/eu\/fr\/notre-engagement","og_site_name":"Village Victoria","article_publisher":"https:\/\/www.facebook.com\/WestmountVictoriaVillage\/","article_modified_time":"2022-09-19T19:04:31+00:00","og_image":[{"width":2560,"height":1896,"url":"https:\/\/villagevictoria.ca\/wp-content\/uploads\/2022\/08\/Vilebrequin2205267595-featured-scaled.jpg","type":"image\/jpeg"}],"twitter_card":"summary_large_image","twitter_site":"@WestmountVicto1","twitter_misc":{"Dur\u00e9e de lecture estim\u00e9e":"3 minutes"},"schema":{"@context":"https:\/\/schema.org","@graph":[{"@type":"WebPage","@id":"https:\/\/villagevictoria.ca\/fr\/commerce\/vilebrequin\/","url":"https:\/\/www.vilebrequin.com\/eu\/fr\/notre-engagement","name":"Vilebrequin - Village Victoria","isPartOf":{"@id":"https:\/\/villagevictoria.ca\/fr\/#website"},"datePublished":"2022-08-25T17:35:30+00:00","dateModified":"2022-09-19T19:04:31+00:00","description":"Vilebrequin Notre engagement Il y a 50 ans, nous avons entra\u00een\u00e9 le monde vers le large pour d\u2019\u00e9ternelles vacances, et n\u2019avons jamais...","breadcrumb":{"@id":"https:\/\/www.vilebrequin.com\/eu\/fr\/notre-engagement#breadcrumb"},"inLanguage":"fr-FR","potentialAction":[{"@type":"ReadAction","target":["https:\/\/www.vilebrequin.com\/eu\/fr\/notre-engagement"]}]},{"@type":"BreadcrumbList","@id":"https:\/\/www.vilebrequin.com\/eu\/fr\/notre-engagement#breadcrumb","itemListElement":[{"@type":"ListItem","position":1,"name":"Home","item":"https:\/\/villagevictoria.ca\/fr\/"},{"@type":"ListItem","position":2,"name":"Listings","item":"https:\/\/villagevictoria.ca\/en\/commerces\/"},{"@type":"ListItem","position":3,"name":"Vilebrequin"}]},{"@type":"WebSite","@id":"https:\/\/villagevictoria.ca\/fr\/#website","url":"https:\/\/villagevictoria.ca\/fr\/","name":"Village Victoria","description":"Rue Sherbrooke Ouest, Rue Victoria, de Claremont a Grosvenor, vos boutiques pr\u00e9f\u00e9r\u00e9es vous y attendent!","publisher":{"@id":"https:\/\/villagevictoria.ca\/fr\/#organization"},"potentialAction":[{"@type":"SearchAction","target":{"@type":"EntryPoint","urlTemplate":"https:\/\/villagevictoria.ca\/fr\/?s={search_term_string}"},"query-input":"required name=search_term_string"}],"inLanguage":"fr-FR"},{"@type":"Organization","@id":"https:\/\/villagevictoria.ca\/fr\/#organization","name":"Westmount Victoria Village Merchants Association","url":"https:\/\/villagevictoria.ca\/fr\/","logo":{"@type":"ImageObject","inLanguage":"fr-FR","@id":"https:\/\/villagevictoria.ca\/fr\/#\/schema\/logo\/image\/","url":"https:\/\/villagevictoria.ca\/wp-content\/uploads\/2019\/05\/VictoriaVillage_Logo_Westmount_Black.svg","contentUrl":"https:\/\/villagevictoria.ca\/wp-content\/uploads\/2019\/05\/VictoriaVillage_Logo_Westmount_Black.svg","width":431,"height":430,"caption":"Westmount Victoria Village Merchants Association"},"image":{"@id":"https:\/\/villagevictoria.ca\/fr\/#\/schema\/logo\/image\/"},"sameAs":["https:\/\/www.facebook.com\/WestmountVictoriaVillage\/","https:\/\/twitter.com\/WestmountVicto1","https:\/\/www.linkedin.com\/company\/71197367","https:\/\/www.youtube.com\/channel\/UCOO2QDr_DQdVnTeSTK6BJ2w"]}]}},"_links":{"self":[{"href":"https:\/\/villagevictoria.ca\/fr\/wp-json\/wp\/v2\/job-listings\/5935","targetHints":{"allow":["GET"]}}],"collection":[{"href":"https:\/\/villagevictoria.ca\/fr\/wp-json\/wp\/v2\/job-listings"}],"about":[{"href":"https:\/\/villagevictoria.ca\/fr\/wp-json\/wp\/v2\/types\/job_listing"}],"author":[{"embeddable":true,"href":"https:\/\/villagevictoria.ca\/fr\/wp-json\/wp\/v2\/users\/3"}],"replies":[{"embeddable":true,"href":"https:\/\/villagevictoria.ca\/fr\/wp-json\/wp\/v2\/comments?post=5935"}],"wp:featuredmedia":[{"embeddable":true,"href":"https:\/\/villagevictoria.ca\/fr\/wp-json\/wp\/v2\/media\/5978"}],"wp:attachment":[{"href":"https:\/\/villagevictoria.ca\/fr\/wp-json\/wp\/v2\/media?parent=5935"}],"wp:term":[{"taxonomy":"job_listing_category","embeddable":true,"href":"https:\/\/villagevictoria.ca\/fr\/wp-json\/wp\/v2\/job-categories?post=5935"},{"taxonomy":"job_listing_type","embeddable":true,"href":"https:\/\/villagevictoria.ca\/fr\/wp-json\/wp\/v2\/job-types?post=5935"}],"curies":[{"name":"wp","href":"https:\/\/api.w.org\/{rel}","templated":true}]}}